{"id":2792,"date":"2021-09-21T14:07:58","date_gmt":"2021-09-21T12:07:58","guid":{"rendered":"https:\/\/www.aristid.at\/we\/stmk-ktn\/"},"modified":"2024-01-08T10:41:39","modified_gmt":"2024-01-08T09:41:39","slug":"stmk-ktn","status":"publish","type":"page","link":"https:\/\/www.aristid.at\/en\/we\/stmk-ktn\/","title":{"rendered":"Stmk Ktn"},"content":{"rendered":"<p>[et_pb_section fb_built=&#8221;1&#8243; _builder_version=&#8221;4.16&#8243; _module_preset=&#8221;default&#8221; background_color=&#8221;#FBF4F2&#8243; global_colors_info=&#8221;{}&#8221;][et_pb_row column_structure=&#8221;2_5,3_5&#8243; _builder_version=&#8221;4.16&#8243; _module_preset=&#8221;default&#8221; global_colors_info=&#8221;{}&#8221;][et_pb_column type=&#8221;2_5&#8243; _builder_version=&#8221;4.16&#8243; _module_preset=&#8221;default&#8221; global_colors_info=&#8221;{}&#8221;][et_pb_text admin_label=&#8221;Headline Region&#8221; _builder_version=&#8221;4.18.0&#8243; _module_preset=&#8221;default&#8221; header_font=&#8221;Prompt|600|||||||&#8221; header_text_align=&#8221;left&#8221; header_line_height=&#8221;1.3em&#8221; custom_margin=&#8221;-6px||||false|false&#8221; header_text_align_tablet=&#8221;left&#8221; header_text_align_phone=&#8221;left&#8221; header_text_align_last_edited=&#8221;off|desktop&#8221; global_module=&#8221;1410&#8243; saved_tabs=&#8221;all&#8221; global_colors_info=&#8221;{}&#8221;]<\/p>\n<h1><span style=\"color: #f07e26;\">aristid<\/span> verbindet <br \/>regionale St\u00e4rke <br \/>mit globalem Denken<\/h1>\n<p>[\/et_pb_text][\/et_pb_column][et_pb_column type=&#8221;3_5&#8243; _builder_version=&#8221;4.16&#8243; _module_preset=&#8221;default&#8221; global_colors_info=&#8221;{}&#8221;][et_pb_text _builder_version=&#8221;4.17.4&#8243; _module_preset=&#8221;default&#8221; global_module=&#8221;1369&#8243; saved_tabs=&#8221;all&#8221; global_colors_info=&#8221;{}&#8221;]<\/p>\n<p>Seit 2003 besetzen wir Positionen von \u201eA wie Arzt\u201c bis \u201eZ wie Ziviltechnikerin\u201c und das in diversen Branchen von Automotive \u00fcber Health Care und Medizintechnik bis zur Zimmerei. Im gegenseitigen Vertrauen, mit regionaler St\u00e4rke, Expertise und Empathie.<\/p>\n<p>Was uns eint ist die Vision, die Welt durch die Verbindung der geeigneten Person mit der passenden Aufgabe, ein bisschen besser zu machen.<\/p>\n<p>Kurz gesagt sind wir eine gute Melange unterschiedlicher Menschen aus diversen Branchen. Mit langj\u00e4hriger Erfahrung, Herz und Haltung. Gemeinsam haben wir den aristid Teamgeist und eine gro\u00dfe Leidenschaft f\u00fcr das was wir tun.<\/p>\n<p>[\/et_pb_text][\/et_pb_column][\/et_pb_row][\/et_pb_section][et_pb_section fb_built=&#8221;1&#8243; admin_label=&#8221;Sektion&#8221; module_id=&#8221;region&#8221; _builder_version=&#8221;4.10.8&#8243; _module_preset=&#8221;default&#8221; custom_padding=&#8221;||0px||false|false&#8221; global_module=&#8221;1449&#8243; global_colors_info=&#8221;{}&#8221;][et_pb_row _builder_version=&#8221;4.16&#8243; _module_preset=&#8221;default&#8221; global_colors_info=&#8221;{}&#8221;][et_pb_column type=&#8221;4_4&#8243; _builder_version=&#8221;4.16&#8243; _module_preset=&#8221;default&#8221; custom_css_main_element=&#8221;display: flex;||align-items: flex-start;&#8221; global_colors_info=&#8221;{}&#8221; custom_css_main_element_last_edited=&#8221;on|tablet&#8221; custom_css_main_element_tablet=&#8221;display: block;&#8221; custom_css_main_element_phone=&#8221;display: block;&#8221;][et_pb_text admin_label=&#8221;Alle&#8221; module_class=&#8221;df-button filter-button-alle alle&#8221; _builder_version=&#8221;4.16&#8243; _module_preset=&#8221;default&#8221; link_text_color=&#8221;#535D62&#8243; custom_margin=&#8221;|30px|0px||false|false&#8221; custom_margin_tablet=&#8221;|0px|10px||false|false&#8221; custom_margin_phone=&#8221;&#8221; custom_margin_last_edited=&#8221;on|tablet&#8221; global_colors_info=&#8221;{}&#8221;]<\/p>\n<p><a href=\"https:\/\/www.aristid.at\/en\/we\/#region\">All<\/a><\/p>\n<p>[\/et_pb_text][et_pb_text admin_label=&#8221;Wien, N\u00d6, Bgld&#8221; module_class=&#8221;df-button filter-button-region w-n-b&#8221; _builder_version=&#8221;4.16&#8243; _module_preset=&#8221;default&#8221; custom_margin=&#8221;|30px|0px||false|false&#8221; custom_margin_tablet=&#8221;|0px|10px||false|false&#8221; custom_margin_phone=&#8221;&#8221; custom_margin_last_edited=&#8221;on|tablet&#8221; global_colors_info=&#8221;{}&#8221;]<\/p>\n<p><a href=\"https:\/\/www.aristid.at\/en\/we\/w-noe-bgld\/#region\">Vienna \/ Lower Austria \/ Burgenland<\/a><\/p>\n<p>[\/et_pb_text][et_pb_text admin_label=&#8221;Steiermark, K\u00e4rnten&#8221; module_class=&#8221;df-button filter-button-region s-k&#8221; _builder_version=&#8221;4.16&#8243; _module_preset=&#8221;default&#8221; custom_margin=&#8221;|30px|0px||false|false&#8221; custom_margin_tablet=&#8221;|0px|10px||false|false&#8221; custom_margin_phone=&#8221;&#8221; custom_margin_last_edited=&#8221;on|tablet&#8221; global_colors_info=&#8221;{}&#8221;]<\/p>\n<p><a href=\"https:\/\/www.aristid.at\/en\/we\/stmk-ktn\/#region\">Styria \/ Carinthia<\/a><\/p>\n<p>[\/et_pb_text][et_pb_text disabled_on=&#8221;off|off|off&#8221; admin_label=&#8221;Ober\u00f6sterreich, Salzburg&#8221; module_class=&#8221;df-button filter-button-region o-s&#8221; _builder_version=&#8221;4.21.0&#8243; _module_preset=&#8221;default&#8221; custom_margin=&#8221;|30px|0px||false|false&#8221; custom_margin_tablet=&#8221;|0px|10px||false|false&#8221; custom_margin_phone=&#8221;&#8221; custom_margin_last_edited=&#8221;on|tablet&#8221; global_colors_info=&#8221;{}&#8221;]<\/p>\n<p><a href=\"https:\/\/www.aristid.at\/en\/we\/ua-sbg\/#region\">Upper Austria<\/a><\/p>\n<p>[\/et_pb_text][et_pb_text admin_label=&#8221;Tirol, Vorarlberg&#8221; module_class=&#8221;df-button filter-button-region t-v&#8221; _builder_version=&#8221;4.16&#8243; _module_preset=&#8221;default&#8221; custom_margin=&#8221;|30px|0px||false|false&#8221; custom_margin_tablet=&#8221;|0px|10px||false|false&#8221; custom_margin_phone=&#8221;&#8221; custom_margin_last_edited=&#8221;on|tablet&#8221; global_colors_info=&#8221;{}&#8221;]<\/p>\n<p><a href=\"https:\/\/www.aristid.at\/en\/we\/t-vbg\/#region\">Tyrol \/ Vorarlberg<\/a><\/p>\n<p>[\/et_pb_text][\/et_pb_column][\/et_pb_row][\/et_pb_section][et_pb_section fb_built=&#8221;1&#8243; module_class=&#8221;df-area team-bg&#8221; _builder_version=&#8221;4.16&#8243; _module_preset=&#8221;default&#8221; background_image=&#8221;https:\/\/www.aristid.at\/wp-content\/uploads\/2021\/08\/aristid-Muster-Beige.png&#8221; background_size=&#8221;initial&#8221; background_position=&#8221;top_left&#8221; background_repeat=&#8221;repeat&#8221; custom_padding=&#8221;0px||||false|false&#8221; global_colors_info=&#8221;{}&#8221;][et_pb_row column_structure=&#8221;1_3,1_3,1_3&#8243; module_class=&#8221;small-tablet&#8221; _builder_version=&#8221;4.16&#8243; _module_preset=&#8221;default&#8221; global_colors_info=&#8221;{}&#8221;][et_pb_column type=&#8221;1_3&#8243; _builder_version=&#8221;4.16&#8243; _module_preset=&#8221;default&#8221; global_colors_info=&#8221;{}&#8221;][et_pb_blurb title=&#8221;Mag. Alexander Moser&#8221; image=&#8221;https:\/\/www.aristid.at\/wp-content\/uploads\/2023\/04\/Alex_Moser.jpg&#8221; content_max_width=&#8221;100%&#8221; admin_label=&#8221;Alexander Moser&#8221; _builder_version=&#8221;4.20.4&#8243; _dynamic_attributes=&#8221;link_option_url&#8221; _module_preset=&#8221;000a5a24-be62-4d96-93fb-ea6f61ca0b5c&#8221; animation_direction=&#8221;top&#8221; link_option_url=&#8221;@ET-DC@eyJkeW5hbWljIjp0cnVlLCJjb250ZW50IjoicG9zdF9saW5rX3VybF9wYWdlIiwic2V0dGluZ3MiOnsicG9zdF9pZCI6IjYzNyIsImVuYWJsZV9odG1sIjoib2ZmIn19@&#8221; global_module=&#8221;1372&#8243; saved_tabs=&#8221;all&#8221; global_colors_info=&#8221;{}&#8221;]<\/p>\n<p><span style=\"color: #f07e26;\">e<\/span> <a href=\"&#109;a&#x69;l&#x74;o&#x3a;m&#x6f;s&#x65;r&#x40;&#97;&#x72;&#105;&#x73;&#116;&#x69;&#100;&#x2e;&#97;&#x74;\">moser&#64;aristid&#46;at<\/a><br \/><span style=\"color: #f07e26;\">t<\/span> <a href=\"tel:+436649656275\">+43 664 965 62 75<\/a><\/p>\n<p>[\/et_pb_blurb][\/et_pb_column][et_pb_column type=&#8221;1_3&#8243; _builder_version=&#8221;4.16&#8243; _module_preset=&#8221;default&#8221; global_colors_info=&#8221;{}&#8221;][et_pb_blurb title=&#8221;Mag. Otto Kupsa&#8221; image=&#8221;https:\/\/www.aristid.at\/wp-content\/uploads\/2021\/11\/Otto-Kupsa.jpg&#8221; content_max_width=&#8221;100%&#8221; admin_label=&#8221;Otto Kupsa&#8221; _builder_version=&#8221;4.13.0&#8243; _dynamic_attributes=&#8221;link_option_url&#8221; _module_preset=&#8221;000a5a24-be62-4d96-93fb-ea6f61ca0b5c&#8221; link_option_url=&#8221;@ET-DC@eyJkeW5hbWljIjp0cnVlLCJjb250ZW50IjoicG9zdF9saW5rX3VybF9wYWdlIiwic2V0dGluZ3MiOnsicG9zdF9pZCI6IjYzMSIsImVuYWJsZV9odG1sIjoib2ZmIn19@&#8221; global_module=&#8221;1386&#8243; saved_tabs=&#8221;all&#8221; global_colors_info=&#8221;{}&#8221;]<\/p>\n<p><span style=\"color: #f07e26;\">e<\/span> <a href=\"ma&#105;&#108;&#116;&#111;&#x3a;&#x6b;&#x75;&#x70;&#x73;a&#64;&#97;&#114;&#105;&#115;&#x74;&#x69;&#x64;&#x2e;&#x61;t\">k&#117;&#112;&#x73;&#x61;&#x40;ar&#105;&#115;&#x74;&#x69;&#x64;&#46;&#97;&#116;<\/a><br \/><span style=\"color: #f07e26;\">t<\/span> <a href=\"tel:+436603158285\">+43 660 315 82 85<\/a><\/p>\n<p>[\/et_pb_blurb][\/et_pb_column][et_pb_column type=&#8221;1_3&#8243; _builder_version=&#8221;4.16&#8243; _module_preset=&#8221;default&#8221; global_colors_info=&#8221;{}&#8221;][\/et_pb_column][\/et_pb_row][\/et_pb_section]<\/p>\n","protected":false},"excerpt":{"rendered":"<p>aristid verbindet regionale St\u00e4rke mit globalem Denken Seit 2003 besetzen wir Positionen von \u201eA wie Arzt\u201c bis \u201eZ wie Ziviltechnikerin\u201c und das in diversen Branchen von Automotive \u00fcber Health Care und Medizintechnik bis zur Zimmerei. Im gegenseitigen Vertrauen, mit regionaler St\u00e4rke, Expertise und Empathie. Was uns eint ist die Vision, die Welt durch die Verbindung [&hellip;]<\/p>\n","protected":false},"author":1,"featured_media":0,"parent":2780,"menu_order":0,"comment_status":"closed","ping_status":"closed","template":"","meta":{"_et_pb_use_builder":"on","_et_pb_old_content":"","_et_gb_content_width":"","footnotes":""},"class_list":["post-2792","page","type-page","status-publish"],"yoast_head":"<!-- This site is optimized with the Yoast SEO plugin v27.5 - https:\/\/yoast.com\/product\/yoast-seo-wordpress\/ -->\n<title>Stmk Ktn | aristid verbindet<\/title>\n<meta name=\"robots\" content=\"index, follow, max-snippet:-1, max-image-preview:large, max-video-preview:-1\" \/>\n<link rel=\"canonical\" href=\"https:\/\/www.aristid.at\/en\/we\/stmk-ktn\/\" \/>\n<meta property=\"og:locale\" content=\"en_US\" \/>\n<meta property=\"og:type\" content=\"article\" \/>\n<meta property=\"og:title\" content=\"Stmk Ktn | aristid verbindet\" \/>\n<meta property=\"og:description\" content=\"aristid verbindet regionale St\u00e4rke mit globalem Denken Seit 2003 besetzen wir Positionen von \u201eA wie Arzt\u201c bis \u201eZ wie Ziviltechnikerin\u201c und das in diversen Branchen von Automotive \u00fcber Health Care und Medizintechnik bis zur Zimmerei. Im gegenseitigen Vertrauen, mit regionaler St\u00e4rke, Expertise und Empathie. Was uns eint ist die Vision, die Welt durch die Verbindung [&hellip;]\" \/>\n<meta property=\"og:url\" content=\"https:\/\/www.aristid.at\/en\/we\/stmk-ktn\/\" \/>\n<meta property=\"og:site_name\" content=\"aristid verbindet\" \/>\n<meta property=\"article:modified_time\" content=\"2024-01-08T09:41:39+00:00\" \/>\n<meta name=\"twitter:card\" content=\"summary_large_image\" \/>\n<meta name=\"twitter:label1\" content=\"Est. reading time\" \/>\n\t<meta name=\"twitter:data1\" content=\"4 minutes\" \/>\n<script type=\"application\/ld+json\" class=\"yoast-schema-graph\">{\"@context\":\"https:\\\/\\\/schema.org\",\"@graph\":[{\"@type\":\"WebPage\",\"@id\":\"https:\\\/\\\/www.aristid.at\\\/en\\\/we\\\/stmk-ktn\\\/\",\"url\":\"https:\\\/\\\/www.aristid.at\\\/en\\\/we\\\/stmk-ktn\\\/\",\"name\":\"Stmk Ktn | aristid verbindet\",\"isPartOf\":{\"@id\":\"https:\\\/\\\/www.aristid.at\\\/#website\"},\"datePublished\":\"2021-09-21T12:07:58+00:00\",\"dateModified\":\"2024-01-08T09:41:39+00:00\",\"breadcrumb\":{\"@id\":\"https:\\\/\\\/www.aristid.at\\\/en\\\/we\\\/stmk-ktn\\\/#breadcrumb\"},\"inLanguage\":\"en-US\",\"potentialAction\":[{\"@type\":\"ReadAction\",\"target\":[\"https:\\\/\\\/www.aristid.at\\\/en\\\/we\\\/stmk-ktn\\\/\"]}]},{\"@type\":\"BreadcrumbList\",\"@id\":\"https:\\\/\\\/www.aristid.at\\\/en\\\/we\\\/stmk-ktn\\\/#breadcrumb\",\"itemListElement\":[{\"@type\":\"ListItem\",\"position\":1,\"name\":\"Startseite\",\"item\":\"https:\\\/\\\/www.aristid.at\\\/en\\\/home\\\/\"},{\"@type\":\"ListItem\",\"position\":2,\"name\":\"We\",\"item\":\"https:\\\/\\\/www.aristid.at\\\/en\\\/we\\\/\"},{\"@type\":\"ListItem\",\"position\":3,\"name\":\"Stmk Ktn\"}]},{\"@type\":\"WebSite\",\"@id\":\"https:\\\/\\\/www.aristid.at\\\/#website\",\"url\":\"https:\\\/\\\/www.aristid.at\\\/\",\"name\":\"aristid verbindet\",\"description\":\"Menschen mit Visionen\",\"potentialAction\":[{\"@type\":\"SearchAction\",\"target\":{\"@type\":\"EntryPoint\",\"urlTemplate\":\"https:\\\/\\\/www.aristid.at\\\/?s={search_term_string}\"},\"query-input\":{\"@type\":\"PropertyValueSpecification\",\"valueRequired\":true,\"valueName\":\"search_term_string\"}}],\"inLanguage\":\"en-US\"}]}<\/script>\n<!-- \/ Yoast SEO plugin. -->","yoast_head_json":{"title":"Stmk Ktn | aristid verbindet","robots":{"index":"index","follow":"follow","max-snippet":"max-snippet:-1","max-image-preview":"max-image-preview:large","max-video-preview":"max-video-preview:-1"},"canonical":"https:\/\/www.aristid.at\/en\/we\/stmk-ktn\/","og_locale":"en_US","og_type":"article","og_title":"Stmk Ktn | aristid verbindet","og_description":"aristid verbindet regionale St\u00e4rke mit globalem Denken Seit 2003 besetzen wir Positionen von \u201eA wie Arzt\u201c bis \u201eZ wie Ziviltechnikerin\u201c und das in diversen Branchen von Automotive \u00fcber Health Care und Medizintechnik bis zur Zimmerei. Im gegenseitigen Vertrauen, mit regionaler St\u00e4rke, Expertise und Empathie. Was uns eint ist die Vision, die Welt durch die Verbindung [&hellip;]","og_url":"https:\/\/www.aristid.at\/en\/we\/stmk-ktn\/","og_site_name":"aristid verbindet","article_modified_time":"2024-01-08T09:41:39+00:00","twitter_card":"summary_large_image","twitter_misc":{"Est. reading time":"4 minutes"},"schema":{"@context":"https:\/\/schema.org","@graph":[{"@type":"WebPage","@id":"https:\/\/www.aristid.at\/en\/we\/stmk-ktn\/","url":"https:\/\/www.aristid.at\/en\/we\/stmk-ktn\/","name":"Stmk Ktn | aristid verbindet","isPartOf":{"@id":"https:\/\/www.aristid.at\/#website"},"datePublished":"2021-09-21T12:07:58+00:00","dateModified":"2024-01-08T09:41:39+00:00","breadcrumb":{"@id":"https:\/\/www.aristid.at\/en\/we\/stmk-ktn\/#breadcrumb"},"inLanguage":"en-US","potentialAction":[{"@type":"ReadAction","target":["https:\/\/www.aristid.at\/en\/we\/stmk-ktn\/"]}]},{"@type":"BreadcrumbList","@id":"https:\/\/www.aristid.at\/en\/we\/stmk-ktn\/#breadcrumb","itemListElement":[{"@type":"ListItem","position":1,"name":"Startseite","item":"https:\/\/www.aristid.at\/en\/home\/"},{"@type":"ListItem","position":2,"name":"We","item":"https:\/\/www.aristid.at\/en\/we\/"},{"@type":"ListItem","position":3,"name":"Stmk Ktn"}]},{"@type":"WebSite","@id":"https:\/\/www.aristid.at\/#website","url":"https:\/\/www.aristid.at\/","name":"aristid verbindet","description":"Menschen mit Visionen","potentialAction":[{"@type":"SearchAction","target":{"@type":"EntryPoint","urlTemplate":"https:\/\/www.aristid.at\/?s={search_term_string}"},"query-input":{"@type":"PropertyValueSpecification","valueRequired":true,"valueName":"search_term_string"}}],"inLanguage":"en-US"}]}},"_links":{"self":[{"href":"https:\/\/www.aristid.at\/en\/wp-json\/wp\/v2\/pages\/2792","targetHints":{"allow":["GET"]}}],"collection":[{"href":"https:\/\/www.aristid.at\/en\/wp-json\/wp\/v2\/pages"}],"about":[{"href":"https:\/\/www.aristid.at\/en\/wp-json\/wp\/v2\/types\/page"}],"author":[{"embeddable":true,"href":"https:\/\/www.aristid.at\/en\/wp-json\/wp\/v2\/users\/1"}],"replies":[{"embeddable":true,"href":"https:\/\/www.aristid.at\/en\/wp-json\/wp\/v2\/comments?post=2792"}],"version-history":[{"count":11,"href":"https:\/\/www.aristid.at\/en\/wp-json\/wp\/v2\/pages\/2792\/revisions"}],"predecessor-version":[{"id":3930,"href":"https:\/\/www.aristid.at\/en\/wp-json\/wp\/v2\/pages\/2792\/revisions\/3930"}],"up":[{"embeddable":true,"href":"https:\/\/www.aristid.at\/en\/wp-json\/wp\/v2\/pages\/2780"}],"wp:attachment":[{"href":"https:\/\/www.aristid.at\/en\/wp-json\/wp\/v2\/media?parent=2792"}],"curies":[{"name":"wp","href":"https:\/\/api.w.org\/{rel}","templated":true}]}}